{"id":3463,"date":"2018-07-31T12:26:04","date_gmt":"2018-07-31T12:26:04","guid":{"rendered":"http:\/\/www.dgrsantiago.gob.ar\/?page_id=3463"},"modified":"2018-07-31T12:26:33","modified_gmt":"2018-07-31T12:26:33","slug":"exenciones-2-2","status":"publish","type":"page","link":"http:\/\/www.dgrsantiago.gov.ar\/?page_id=3463","title":{"rendered":"FAQ Domicilio Fiscal Electr\u00f3nico"},"content":{"rendered":"<p><img loading=\"lazy\" decoding=\"async\" class=\"faqcategorias alignnone wp-image-1430 size-full\" src=\"http:\/\/test.dgrsantiago.gob.ar\/wp-content\/uploads\/2017\/11\/faq.png\" alt=\"\" width=\"1920\" height=\"200\" srcset=\"http:\/\/www.dgrsantiago.gov.ar\/wp-content\/uploads\/2017\/11\/faq.png 1920w, http:\/\/www.dgrsantiago.gov.ar\/wp-content\/uploads\/2017\/11\/faq-300x31.png 300w, http:\/\/www.dgrsantiago.gov.ar\/wp-content\/uploads\/2017\/11\/faq-768x80.png 768w, http:\/\/www.dgrsantiago.gov.ar\/wp-content\/uploads\/2017\/11\/faq-1024x107.png 1024w\" sizes=\"(max-width: 1920px) 100vw, 1920px\" \/><\/p>\n<div>FAQ &#8211; Domicilio Fiscal Electr\u00f3nico<\/div>\n<p>&nbsp;<\/p>\n<style>.ewd-ufaq-post-margin-symbol span {\nmargin-top:15px;\n}\n\n.ufaq-faq-title-text {\nfloat:left;\nwidth:90%;\nbackground-color:#9aca3c;\ncolor:white;\npadding:17px;\nmargin-bottom:17px!important;\n}<\/style><div  class=\"ewd-ufaq-faq-list ewd-ufaq-page-type-load_more\" id='ewd-ufaq-faq-list'>\n\n\t<input type='hidden' name='include_category' value='dfe' id='ewd-ufaq-include-category' \/>\n<input type='hidden' name='exclude_category' value='' id='ewd-ufaq-exclude-category' \/>\n<input type='hidden' name='orderby' value='date' id='ewd-ufaq-orderby' \/>\n<input type='hidden' name='order' value='desc' id='ewd-ufaq-order' \/>\n<input type='hidden' name='post_count' value='-1' id='ewd-ufaq-post-count' \/>\n<input type='hidden' name='current_url' value='\/index.php?rest_route=%2Fwp%2Fv2%2Fpages%2F3463' id='ewd-ufaq-current-url' \/>\n\t\n\t\n\t<div class='ewd-ufaq-faqs'>\n\n\t\t<div  class=\"ewd-ufaq-faq-div ewd-ufaq-faq-column-count-one ewd-ufaq-faq-responsive-columns- ewd-ufaq-faq-display-style-default ewd-ufaq-can-be-toggled\" id='ewd-ufaq-post-3453-EijGSJkwEZ' data-post_id='3453'>\n\n\t<div class='ewd-ufaq-faq-title ewd-ufaq-faq-toggle'>\n\t\n\t<a class='ewd-ufaq-post-margin'  href='http:\/\/www.dgrsantiago.gov.ar\/?ufaq=que-es-el-domicilio-fiscal-electronico'>\n\n\t\t<div class='ewd-ufaq-post-margin-symbol ewd-ufaq-square'>\n\t\t\t<span >a<\/span>\n\t\t<\/div>\n\n\t\t<div class='ewd-ufaq-faq-title-text'>\n\n\t\t\t<h4>\n\t\t\t\t\u00bf QU\u00c9 ES EL DOMICILIO FISCAL ELECTR\u00d3NICO ?\t\t\t<\/h4>\n\n\t\t<\/div>\n\n\t\t<div class='ewd-ufaq-clear'><\/div>\n\n\t<\/a>\n\t\n<\/div>\n\t\n\t<div class='ewd-ufaq-faq-body ewd-ufaq-hidden' >\n\n\t\t\n\t\t\t\n\t\t\n\t\t\t<div class='ewd-ufaq-post-margin ewd-ufaq-faq-post'>\n\t<p>Es el sitio inform\u00e1tico seguro, personalizado, v\u00e1lido y optativo registrado por los contribuyentes y responsables para el cumplimiento de sus obligaciones fiscales y para la entrega o recepci\u00f3n de comunicaciones de cualquier naturaleza.<\/p>\n<\/div>\n\t\t\n\t\t\t<div class='ewd-ufaq-faq-custom-fields'>\n\n\t\n<\/div>\n\t\t\n\t\t\t\n\t\t\n\t\t\t\n\t\t\n\t\t\t\n\t\t\n\t\t\t\n\t\t\n\t\t\t\n\t\t\n\t\t\t\n\t\t\n\t\t\t\n\t\t\n\t<\/div>\n\n<\/div><div  class=\"ewd-ufaq-faq-div ewd-ufaq-faq-column-count-one ewd-ufaq-faq-responsive-columns- ewd-ufaq-faq-display-style-default ewd-ufaq-can-be-toggled\" id='ewd-ufaq-post-3454-iSXjmfiaHl' data-post_id='3454'>\n\n\t<div class='ewd-ufaq-faq-title ewd-ufaq-faq-toggle'>\n\t\n\t<a class='ewd-ufaq-post-margin'  href='http:\/\/www.dgrsantiago.gov.ar\/?ufaq=que-se-notificara-a-traves-del-domicilio-fiscal-electronico'>\n\n\t\t<div class='ewd-ufaq-post-margin-symbol ewd-ufaq-square'>\n\t\t\t<span >a<\/span>\n\t\t<\/div>\n\n\t\t<div class='ewd-ufaq-faq-title-text'>\n\n\t\t\t<h4>\n\t\t\t\t\u00bf QUE SE NOTIFICAR\u00c1 A TRAV\u00c9S DEL DOMICILIO FISCAL ELECTR\u00d3NICO ?\t\t\t<\/h4>\n\n\t\t<\/div>\n\n\t\t<div class='ewd-ufaq-clear'><\/div>\n\n\t<\/a>\n\t\n<\/div>\n\t\n\t<div class='ewd-ufaq-faq-body ewd-ufaq-hidden' >\n\n\t\t\n\t\t\t\n\t\t\n\t\t\t<div class='ewd-ufaq-post-margin ewd-ufaq-faq-post'>\n\t<p>Podr\u00e1n notificarse mediante comunicaciones inform\u00e1ticas con firma facsimilar en el Domicilio Fiscal Electr\u00f3nico, conforme lo dispuesto por el inciso g) del Art\u00edculo 156\u00ba del C\u00f3digo Fiscal vigente (incorporado por Ley N\u00ba 7.251) lo siguiente:<\/p>\n<p>Liquidaciones de Deuda Administrativa,<\/p>\n<p>Citaciones,<\/p>\n<p>Actos Administrativos,<\/p>\n<p>Emplazamientos,<\/p>\n<p>Requerimientos,<\/p>\n<p>Comunicaciones,<\/p>\n<p>Intimaciones por falta de presentaci\u00f3n de Declaraciones Juradas y\/o de Pago<\/p>\n<p>Y dem\u00e1s actos emitidos por la Administraci\u00f3n Fiscal.<\/p>\n<p>Sin perjuicio de lo dispuesto precedentemente, la notificaci\u00f3n al Domicilio Fiscal Electr\u00f3nico ser\u00e1 en forma subsidiaria a las formas de notificar establecidas en el Art\u00edculo 156\u00ba incisos a) a f), del C\u00f3digo Fiscal vigente en las siguientes actuaciones:<\/p>\n<p>a) Iniciaci\u00f3n de Sumarios Administrativos.<\/p>\n<p>b) Corrida de Vista.<\/p>\n<p>c) Resoluciones.<\/p>\n<\/div>\n\t\t\n\t\t\t<div class='ewd-ufaq-faq-custom-fields'>\n\n\t\n<\/div>\n\t\t\n\t\t\t\n\t\t\n\t\t\t\n\t\t\n\t\t\t\n\t\t\n\t\t\t\n\t\t\n\t\t\t\n\t\t\n\t\t\t\n\t\t\n\t\t\t\n\t\t\n\t<\/div>\n\n<\/div><div  class=\"ewd-ufaq-faq-div ewd-ufaq-faq-column-count-one ewd-ufaq-faq-responsive-columns- ewd-ufaq-faq-display-style-default ewd-ufaq-can-be-toggled\" id='ewd-ufaq-post-3455-AWJgPt3ENN' data-post_id='3455'>\n\n\t<div class='ewd-ufaq-faq-title ewd-ufaq-faq-toggle'>\n\t\n\t<a class='ewd-ufaq-post-margin'  href='http:\/\/www.dgrsantiago.gov.ar\/?ufaq=quienes-se-pueden-adherir'>\n\n\t\t<div class='ewd-ufaq-post-margin-symbol ewd-ufaq-square'>\n\t\t\t<span >a<\/span>\n\t\t<\/div>\n\n\t\t<div class='ewd-ufaq-faq-title-text'>\n\n\t\t\t<h4>\n\t\t\t\t\u00bfQUIENES SE PUEDEN ADHERIR?\t\t\t<\/h4>\n\n\t\t<\/div>\n\n\t\t<div class='ewd-ufaq-clear'><\/div>\n\n\t<\/a>\n\t\n<\/div>\n\t\n\t<div class='ewd-ufaq-faq-body ewd-ufaq-hidden' >\n\n\t\t\n\t\t\t\n\t\t\n\t\t\t<div class='ewd-ufaq-post-margin ewd-ufaq-faq-post'>\n\t<p>Los contribuyentes y\/o responsables podr\u00e1n adherir voluntariamente a la utilizaci\u00f3n del Domicilio Fiscal Electr\u00f3nico.<\/p>\n<p>Sin perjuicio de lo dispuesto anteriormente, existen algunos sujetos obligados a adherirse.<\/p>\n<\/div>\n\t\t\n\t\t\t<div class='ewd-ufaq-faq-custom-fields'>\n\n\t\n<\/div>\n\t\t\n\t\t\t\n\t\t\n\t\t\t\n\t\t\n\t\t\t\n\t\t\n\t\t\t\n\t\t\n\t\t\t\n\t\t\n\t\t\t\n\t\t\n\t\t\t\n\t\t\n\t<\/div>\n\n<\/div><div  class=\"ewd-ufaq-faq-div ewd-ufaq-faq-column-count-one ewd-ufaq-faq-responsive-columns- ewd-ufaq-faq-display-style-default ewd-ufaq-can-be-toggled\" id='ewd-ufaq-post-3456-CzIYR2HSaK' data-post_id='3456'>\n\n\t<div class='ewd-ufaq-faq-title ewd-ufaq-faq-toggle'>\n\t\n\t<a class='ewd-ufaq-post-margin'  href='http:\/\/www.dgrsantiago.gov.ar\/?ufaq=quienes-se-encuentran-obligados-a-adherirse'>\n\n\t\t<div class='ewd-ufaq-post-margin-symbol ewd-ufaq-square'>\n\t\t\t<span >a<\/span>\n\t\t<\/div>\n\n\t\t<div class='ewd-ufaq-faq-title-text'>\n\n\t\t\t<h4>\n\t\t\t\t\u00bfQUIENES SE ENCUENTRAN OBLIGADOS A ADHERIRSE?\t\t\t<\/h4>\n\n\t\t<\/div>\n\n\t\t<div class='ewd-ufaq-clear'><\/div>\n\n\t<\/a>\n\t\n<\/div>\n\t\n\t<div class='ewd-ufaq-faq-body ewd-ufaq-hidden' >\n\n\t\t\n\t\t\t\n\t\t\n\t\t\t<div class='ewd-ufaq-post-margin ewd-ufaq-faq-post'>\n\t<p>Estar\u00e1n obligados a la constituci\u00f3n del referido domicilio los sujetos que se indican a continuaci\u00f3n:<\/p>\n<p>a) Contribuyentes y\/o responsables que soliciten Certificado de Conducta Fiscal Electr\u00f3nico.<\/p>\n<p>b) Contribuyentes y\/o responsables que se adhieran a planes de pago vigentes.<\/p>\n<p>c) Contribuyentes y\/o responsables que soliciten Exenci\u00f3n, en los t\u00e9rminos del inciso \u00f1) del Art\u00edculo 210\u00ba del C\u00f3digo Fiscal de la Provincia.<\/p>\n<p>Seg\u00fan la Resoluci\u00f3n General N\u00b0 1\/2026, se encuentran obligados a constituir domicilio fiscal electr\u00f3nico:<\/p>\n<p>a) Contribuyentes y\/o responsables inscriptos en el Impuesto sobre los Ingresos Brutos y<\/p>\n<p>b) Sujetos que tramiten su inscripci\u00f3n en el Impuesto sobre los Ingresos Brutos;<\/p>\n<p>Conforme a las formas, requisitos y condiciones establecidas en la Resoluci\u00f3n General N\u00ba 25\/2018.<\/p>\n<\/div>\n\t\t\n\t\t\t<div class='ewd-ufaq-faq-custom-fields'>\n\n\t\n<\/div>\n\t\t\n\t\t\t\n\t\t\n\t\t\t\n\t\t\n\t\t\t\n\t\t\n\t\t\t\n\t\t\n\t\t\t\n\t\t\n\t\t\t\n\t\t\n\t\t\t\n\t\t\n\t<\/div>\n\n<\/div><div  class=\"ewd-ufaq-faq-div ewd-ufaq-faq-column-count-one ewd-ufaq-faq-responsive-columns- ewd-ufaq-faq-display-style-default ewd-ufaq-can-be-toggled\" id='ewd-ufaq-post-3457-QD2GFYN5py' data-post_id='3457'>\n\n\t<div class='ewd-ufaq-faq-title ewd-ufaq-faq-toggle'>\n\t\n\t<a class='ewd-ufaq-post-margin'  href='http:\/\/www.dgrsantiago.gov.ar\/?ufaq=cuando-se-considera-efectuada-la-notificacion'>\n\n\t\t<div class='ewd-ufaq-post-margin-symbol ewd-ufaq-square'>\n\t\t\t<span >a<\/span>\n\t\t<\/div>\n\n\t\t<div class='ewd-ufaq-faq-title-text'>\n\n\t\t\t<h4>\n\t\t\t\t\u00bf CU\u00c1NDO SE CONSIDERA EFECTUADA LA NOTIFICACI\u00d3N ?\t\t\t<\/h4>\n\n\t\t<\/div>\n\n\t\t<div class='ewd-ufaq-clear'><\/div>\n\n\t<\/a>\n\t\n<\/div>\n\t\n\t<div class='ewd-ufaq-faq-body ewd-ufaq-hidden' >\n\n\t\t\n\t\t\t\n\t\t\n\t\t\t<div class='ewd-ufaq-post-margin ewd-ufaq-faq-post'>\n\t<p>La notificaci\u00f3n inform\u00e1tica del acto administrativo, emplazamiento, requerimiento, informe y\/o comunicaci\u00f3n, realizada por este medio, se considera efectuada en los siguientes momentos, el que ocurra primero:<\/p>\n<p>a) El d\u00eda que el contribuyente y\/o responsable proceda a la apertura del documento digital que contiene la comunicaci\u00f3n, o el d\u00eda siguiente h\u00e1bil administrativo si aqu\u00e9l fuere inh\u00e1bil.<\/p>\n<p>b) El d\u00eda mi\u00e9rcoles inmediato posterior a la fecha en que las notificaciones o comunicaciones se encontraran disponibles, o el d\u00eda siguiente h\u00e1bil administrativo si el mismo fuere inh\u00e1bil.<\/p>\n<\/div>\n\t\t\n\t\t\t<div class='ewd-ufaq-faq-custom-fields'>\n\n\t\n<\/div>\n\t\t\n\t\t\t\n\t\t\n\t\t\t\n\t\t\n\t\t\t\n\t\t\n\t\t\t\n\t\t\n\t\t\t\n\t\t\n\t\t\t\n\t\t\n\t\t\t\n\t\t\n\t<\/div>\n\n<\/div><div  class=\"ewd-ufaq-faq-div ewd-ufaq-faq-column-count-one ewd-ufaq-faq-responsive-columns- ewd-ufaq-faq-display-style-default ewd-ufaq-can-be-toggled\" id='ewd-ufaq-post-3458-T1LAWXVog1' data-post_id='3458'>\n\n\t<div class='ewd-ufaq-faq-title ewd-ufaq-faq-toggle'>\n\t\n\t<a class='ewd-ufaq-post-margin'  href='http:\/\/www.dgrsantiago.gov.ar\/?ufaq=que-efectos-produce'>\n\n\t\t<div class='ewd-ufaq-post-margin-symbol ewd-ufaq-square'>\n\t\t\t<span >a<\/span>\n\t\t<\/div>\n\n\t\t<div class='ewd-ufaq-faq-title-text'>\n\n\t\t\t<h4>\n\t\t\t\t\u00bfQU\u00c9 EFECTOS PRODUCE?\t\t\t<\/h4>\n\n\t\t<\/div>\n\n\t\t<div class='ewd-ufaq-clear'><\/div>\n\n\t<\/a>\n\t\n<\/div>\n\t\n\t<div class='ewd-ufaq-faq-body ewd-ufaq-hidden' >\n\n\t\t\n\t\t\t\n\t\t\n\t\t\t<div class='ewd-ufaq-post-margin ewd-ufaq-faq-post'>\n\t<p>Dicho domicilio producir\u00e1 en el \u00e1mbito administrativo los efectos del domicilio fiscal constituido, siendo v\u00e1lidos y plenamente eficaces todas las notificaciones, emplazamientos y comunicaciones que all\u00ed se practiquen por esta v\u00eda.<\/p>\n<p>\u00a0<\/p>\n<p>\u00a0<\/p>\n<\/div>\n\t\t\n\t\t\t<div class='ewd-ufaq-faq-custom-fields'>\n\n\t\n<\/div>\n\t\t\n\t\t\t\n\t\t\n\t\t\t\n\t\t\n\t\t\t\n\t\t\n\t\t\t\n\t\t\n\t\t\t\n\t\t\n\t\t\t\n\t\t\n\t\t\t\n\t\t\n\t<\/div>\n\n<\/div>\n\t<\/div>\n\n\t\n<\/div>\n","protected":false},"excerpt":{"rendered":"<p>A \u00bfQU\u00c9 EFECTOS PRODUCE? Dicho domicilio producir\u00e1 en el \u00e1mbito administrativo los efectos del domicilio fiscal constituido, siendo v\u00e1lidos y plenamente eficaces todas las notificaciones, emplazamientos y comunicaciones que all\u00ed se practiquen por esta v\u00eda. \u00a0 \u00a0<\/p>\n","protected":false},"author":5,"featured_media":0,"parent":0,"menu_order":0,"comment_status":"closed","ping_status":"closed","template":"","meta":{"footnotes":""},"_links":{"self":[{"href":"http:\/\/www.dgrsantiago.gov.ar\/index.php?rest_route=\/wp\/v2\/pages\/3463"}],"collection":[{"href":"http:\/\/www.dgrsantiago.gov.ar\/index.php?rest_route=\/wp\/v2\/pages"}],"about":[{"href":"http:\/\/www.dgrsantiago.gov.ar\/index.php?rest_route=\/wp\/v2\/types\/page"}],"author":[{"embeddable":true,"href":"http:\/\/www.dgrsantiago.gov.ar\/index.php?rest_route=\/wp\/v2\/users\/5"}],"replies":[{"embeddable":true,"href":"http:\/\/www.dgrsantiago.gov.ar\/index.php?rest_route=%2Fwp%2Fv2%2Fcomments&post=3463"}],"version-history":[{"count":2,"href":"http:\/\/www.dgrsantiago.gov.ar\/index.php?rest_route=\/wp\/v2\/pages\/3463\/revisions"}],"predecessor-version":[{"id":4604,"href":"http:\/\/www.dgrsantiago.gov.ar\/index.php?rest_route=\/wp\/v2\/pages\/3463\/revisions\/4604"}],"wp:attachment":[{"href":"http:\/\/www.dgrsantiago.gov.ar\/index.php?rest_route=%2Fwp%2Fv2%2Fmedia&parent=3463"}],"curies":[{"name":"wp","href":"https:\/\/api.w.org\/{rel}","templated":true}]}}