{"id":880,"date":"2017-11-05T20:46:43","date_gmt":"2017-11-05T20:46:43","guid":{"rendered":"http:\/\/www.dgrsantiago.gob.ar\/?page_id=880"},"modified":"2026-01-08T13:54:15","modified_gmt":"2026-01-08T13:54:15","slug":"880-2","status":"publish","type":"page","link":"http:\/\/www.dgrsantiago.gov.ar\/?page_id=880","title":{"rendered":"Autoridades"},"content":{"rendered":"<div class=\"borderpage\">\n<table style=\"height: 1400px;\" border=\"0\" width=\"664\" frame=\"VOID\" rules=\"NONE\" cellspacing=\"0\">\n<colgroup>\n<col width=\"312\" \/>\n<col width=\"338\" \/><\/colgroup>\n<tbody>\n<tr>\n<td style=\"background: #9aca3c; color: white; text-align: center;\" colspan=\"2\" align=\"CENTER\" valign=\"MIDDLE\" bgcolor=\"#376092\" width=\"650\" height=\"33\"><b>AUTORIDADES DE LA DIRECCI\u00d3N GENERAL DE RENTAS<\/b><\/td>\n<\/tr>\n<tr>\n<td colspan=\"2\" align=\"CENTER\" valign=\"MIDDLE\" height=\"48\"><b><span style=\"color: #558ed5; font-family: 'Arial Black';\">DIRECCI\u00d3N GENERAL<\/span><\/b><\/td>\n<\/tr>\n<tr>\n<td style=\"text-align: center;\" align=\"LEFT\" valign=\"MIDDLE\" height=\"33\"><b>DIRECTOR GENERAL DE RENTAS<\/b><\/td>\n<td style=\"text-align: center;\" align=\"LEFT\" valign=\"MIDDLE\"><b>C.P.N. MATIAS LUIS NAZER<\/b><\/td>\n<\/tr>\n<tr>\n<td colspan=\"2\" align=\"CENTER\" valign=\"MIDDLE\" height=\"48\"><b><span style=\"color: #558ed5; font-family: 'Arial Black';\">SUBDIRECCIONES<\/span><\/b><\/td>\n<\/tr>\n<tr>\n<td style=\"text-align: center;\" align=\"LEFT\" valign=\"MIDDLE\" height=\"33\"><b>SUBDIRECCI\u00d3N DE ASUNTOS T\u00c9CNICOS<\/b><\/td>\n<td style=\"text-align: center;\" align=\"LEFT\" valign=\"MIDDLE\"><b>C.P.N. RITA LORENA LEGUIZAM\u00d3N<\/b><\/td>\n<\/tr>\n<tr>\n<td style=\"text-align: center;\" align=\"LEFT\" valign=\"MIDDLE\" height=\"33\"><b>SUBDIRECCI\u00d3N DE ASUNTOS JUR\u00cdDICOS<\/b><\/td>\n<td style=\"text-align: center;\" align=\"LEFT\" valign=\"MIDDLE\"><b>DRA. ADRIANA ESTER D. PIRRO<\/b><\/td>\n<\/tr>\n<tr>\n<td style=\"text-align: center;\" align=\"LEFT\" valign=\"MIDDLE\" height=\"33\"><b>SUBDIRECCI\u00d3N DE FISCALIZACI\u00d3N<\/b><\/td>\n<td style=\"text-align: center;\" align=\"LEFT\" valign=\"MIDDLE\"><b>C.P.N. ELDA GABRIELA PAZ <\/b><\/td>\n<\/tr>\n<tr>\n<td style=\"text-align: center;\" align=\"LEFT\" valign=\"MIDDLE\" height=\"33\"><b>SUBDIRECCI\u00d3N DE RECAUDACIONES<\/b><\/td>\n<td style=\"text-align: center;\" align=\"LEFT\" valign=\"MIDDLE\"><b>C.P.N. RITA LORENA LEGUIZAM\u00d3N<\/b><\/td>\n<\/tr>\n<tr>\n<td style=\"text-align: center;\" align=\"LEFT\" valign=\"MIDDLE\" height=\"33\"><b>SUBDIRECCI\u00d3N DE RECURSOS HUMANOS<\/b><\/td>\n<td style=\"text-align: center;\" align=\"LEFT\" valign=\"MIDDLE\"><strong>DRA. MAR\u00cdA CELIA BELLIDO<\/strong><\/td>\n<\/tr>\n<tr>\n<td style=\"text-align: center;\" align=\"LEFT\" valign=\"MIDDLE\" height=\"33\"><b>SUBDIRECCI\u00d3N DE INFORM\u00c1TICA<\/b><\/td>\n<td style=\"text-align: center;\" align=\"LEFT\" valign=\"MIDDLE\"><b>SR. FERNANDO EDGARDO S\u00c1NCHEZ <\/b><\/td>\n<\/tr>\n<tr>\n<td style=\"text-align: center;\" align=\"LEFT\" valign=\"MIDDLE\" height=\"33\"><b>SUBDIRECCI\u00d3N DE COORDINACI\u00d3N Y DESARROLLO INFORM\u00c1TICO<\/b><\/td>\n<td style=\"text-align: center;\" align=\"LEFT\" valign=\"MIDDLE\"><b>ANALISTA DE SIST. IGNACIO BUXEDA<\/b><\/td>\n<\/tr>\n<tr>\n<td colspan=\"2\" align=\"CENTER\" valign=\"MIDDLE\" height=\"48\"><b><span style=\"color: #558ed5; font-family: 'Arial Black';\">JEFATURAS<\/span><\/b><\/td>\n<\/tr>\n<tr>\n<td style=\"text-align: center;\" align=\"LEFT\" valign=\"MIDDLE\" height=\"33\"><b>SECRETAR\u00cdA GENERAL<\/b><\/td>\n<td style=\"text-align: center;\" align=\"LEFT\" valign=\"MIDDLE\"><b>SRA. ROSA BEATRIZ PAZ<\/b><\/td>\n<\/tr>\n<tr>\n<td style=\"text-align: center;\" align=\"LEFT\" valign=\"MIDDLE\" height=\"33\"><b>ASESOR\u00cdA\u00a0LEGAL<\/b><\/td>\n<td style=\"text-align: center;\" align=\"LEFT\" valign=\"MIDDLE\"><b>DR. VALENT\u00cdN NORIEGA<\/b><\/td>\n<\/tr>\n<tr>\n<td style=\"text-align: center;\" align=\"LEFT\" valign=\"MIDDLE\" height=\"33\"><b>CONVENIO MULTILATERAL<\/b><\/td>\n<td style=\"text-align: center;\" align=\"LEFT\" valign=\"MIDDLE\"><b>C.P.N. ROSA ARMAS KRASTEFF<\/b><\/td>\n<\/tr>\n<tr>\n<td style=\"text-align: center;\" align=\"LEFT\" valign=\"MIDDLE\" height=\"33\"><b>INGRESOS BRUTOS<\/b><\/td>\n<td style=\"text-align: center;\" align=\"LEFT\" valign=\"MIDDLE\"><b>C.P.N. LUIS ROGER CASARES <\/b><\/td>\n<\/tr>\n<tr>\n<td style=\"text-align: center;\" align=\"LEFT\" valign=\"MIDDLE\" height=\"33\"><b>GRANDES CONTRIBUYENTES<\/b><\/td>\n<td style=\"text-align: center;\" align=\"LEFT\" valign=\"MIDDLE\"><b>C.P.N. HENZO GERARDO LLARULL<\/b><\/td>\n<\/tr>\n<tr>\n<td style=\"text-align: center;\" align=\"LEFT\" valign=\"MIDDLE\" height=\"33\"><b>AGENTES DE RETENCI\u00d3N<\/b><\/td>\n<td style=\"text-align: center;\" align=\"LEFT\" valign=\"MIDDLE\"><b>C.P.N. MAR\u00cdA FLORENCIA VIEYRA<\/b><\/td>\n<\/tr>\n<tr>\n<td style=\"text-align: center;\" align=\"LEFT\" valign=\"MIDDLE\" height=\"33\"><b>EXENTOS<\/b><\/td>\n<td style=\"text-align: center;\" align=\"LEFT\" valign=\"MIDDLE\"><b>C.P.N. LEANDRO JOS\u00c9 BASBUS<\/b><\/td>\n<\/tr>\n<tr>\n<td style=\"text-align: center;\" align=\"LEFT\" valign=\"MIDDLE\" height=\"33\"><b>INMOBILIARIO RURAL<\/b><\/td>\n<td style=\"text-align: center;\" align=\"LEFT\" valign=\"MIDDLE\"><b>SRA. MARTA BARRIENTOS <\/b><\/td>\n<\/tr>\n<tr>\n<td style=\"text-align: center;\" align=\"LEFT\" valign=\"MIDDLE\" height=\"33\"><b>INMOBILIARIO URBANO<\/b><\/td>\n<td style=\"text-align: center;\" align=\"LEFT\" valign=\"MIDDLE\"><b>C.P.N. NADIA DEL VALLE BITAR<\/b><\/td>\n<\/tr>\n<tr>\n<td style=\"text-align: center;\" align=\"LEFT\" valign=\"MIDDLE\" height=\"33\"><b>AUTOMOTORES<\/b><\/td>\n<td style=\"text-align: center;\" align=\"LEFT\" valign=\"MIDDLE\"><b>SR. MARIO FERNANDO LEDESMA<\/b><\/td>\n<\/tr>\n<tr>\n<td style=\"text-align: center;\" align=\"LEFT\" valign=\"MIDDLE\" height=\"33\"><b>FONDO DE REPARACI\u00d3N SOCIAL<\/b><\/td>\n<td style=\"text-align: center;\" align=\"LEFT\" valign=\"MIDDLE\"><b>SRA. MAR\u00cdA ELVIRA OLIVERA<\/b><\/td>\n<\/tr>\n<tr>\n<td style=\"text-align: center;\" align=\"LEFT\" valign=\"MIDDLE\" height=\"33\"><b>ORGANIZACI\u00d3N Y CONTROL JUDICIAL<\/b><\/td>\n<td style=\"text-align: center;\" align=\"LEFT\" valign=\"MIDDLE\"><b>DR. PABLO SEBASTI\u00c1N CARABAJAL <\/b><\/td>\n<\/tr>\n<tr>\n<td style=\"text-align: center;\" align=\"LEFT\" valign=\"MIDDLE\" height=\"33\"><b>CONCURSOS Y QUIEBRAS<\/b><\/td>\n<td style=\"text-align: center;\" align=\"LEFT\" valign=\"MIDDLE\"><b>C.P.N. CLAUDIA VANESA S\u00c1NCHEZ <\/b><\/td>\n<\/tr>\n<tr>\n<td style=\"text-align: center;\" align=\"LEFT\" valign=\"MIDDLE\" height=\"33\"><b>CONTROL Y GESTI\u00d3N\u00a0DE DEUDAS<\/b><\/td>\n<td style=\"text-align: center;\" align=\"LEFT\" valign=\"MIDDLE\"><b>C.P.N. MARIANO RAM\u00d3N OIENI <\/b><\/td>\n<\/tr>\n<tr>\n<td style=\"text-align: center;\" align=\"LEFT\" valign=\"MIDDLE\" height=\"33\"><b>FISCALIZACI\u00d3N INTERNA<\/b><\/td>\n<td style=\"text-align: center;\" align=\"LEFT\" valign=\"MIDDLE\"><b>C.P. CARLOS C\u00c9SAR GORETTA<br \/>\n<\/b><\/td>\n<\/tr>\n<tr>\n<td style=\"text-align: center;\" align=\"LEFT\" valign=\"MIDDLE\" height=\"33\"><b>FISCALIZACI\u00d3N EXTERNA<\/b><\/td>\n<td style=\"text-align: center;\" align=\"LEFT\" valign=\"MIDDLE\"><b>C.P.N. ANABELA VANINA SANTA CRUZ<\/b><\/td>\n<\/tr>\n<tr>\n<td style=\"text-align: center;\" align=\"LEFT\" valign=\"MIDDLE\" height=\"33\"><b>CORRIDA DE VISTA<\/b><\/td>\n<td style=\"text-align: center;\" align=\"LEFT\" valign=\"MIDDLE\"><b>C.P.N. JOS\u00c9 MAR\u00cdA SASSANO<\/b><\/td>\n<\/tr>\n<tr>\n<td style=\"text-align: center;\" align=\"LEFT\" valign=\"MIDDLE\" height=\"33\"><b>SELLOS <\/b><\/td>\n<td style=\"text-align: center;\" align=\"LEFT\" valign=\"MIDDLE\"><b>SR. ARIEL DOUEIL<\/b><\/td>\n<\/tr>\n<tr>\n<td style=\"text-align: center;\" align=\"LEFT\" valign=\"MIDDLE\" height=\"33\"><b>CONTROL DE RECEPTOR\u00cdAS<\/b><\/td>\n<td style=\"text-align: center;\" align=\"LEFT\" valign=\"MIDDLE\"><b>SR. CESAR VLADIMIRO CORONEL<\/b><\/td>\n<\/tr>\n<tr>\n<td style=\"text-align: center;\" align=\"LEFT\" valign=\"MIDDLE\" height=\"33\"><b>CONTADUR\u00cdA<\/b><\/td>\n<td style=\"text-align: center;\" align=\"LEFT\" valign=\"MIDDLE\"><b>C.P.N. MOIS\u00c9S ACOSTA<\/b><\/td>\n<\/tr>\n<tr>\n<td style=\"text-align: center;\" align=\"LEFT\" valign=\"MIDDLE\" height=\"33\"><b>ADMINISTRACI\u00d3N<\/b><\/td>\n<td style=\"text-align: center;\" align=\"LEFT\" valign=\"MIDDLE\"><b>C.P.N. CECILIA DEL CARMEN SALAZAR<\/b><\/td>\n<\/tr>\n<tr>\n<td style=\"text-align: center;\" align=\"LEFT\" valign=\"MIDDLE\" height=\"33\"><b>PERSONAL<\/b><\/td>\n<td style=\"text-align: center;\" align=\"LEFT\" valign=\"MIDDLE\"><strong>SR. LUIS EDUARDO ALFANO<\/strong><\/td>\n<\/tr>\n<tr>\n<td style=\"text-align: center;\" align=\"LEFT\" valign=\"MIDDLE\" height=\"33\"><b>SUELDOS<\/b><\/td>\n<td style=\"text-align: center;\" align=\"LEFT\" valign=\"MIDDLE\"><b>SR. DANIEL GUSTAVO ROMANO <\/b><\/td>\n<\/tr>\n<tr>\n<td style=\"text-align: center;\" align=\"LEFT\" valign=\"MIDDLE\" height=\"33\"><b>DELEGACIONES<\/b><\/td>\n<td style=\"text-align: center;\" align=\"LEFT\" valign=\"MIDDLE\"><b>LIC. ROBERT WILTON UDRIZAR <\/b><\/td>\n<\/tr>\n<tr>\n<td style=\"text-align: center;\" align=\"LEFT\" valign=\"MIDDLE\" height=\"33\"><b>MESA GENERAL DE ENTRADAS<\/b><\/td>\n<td style=\"text-align: center;\" align=\"LEFT\" valign=\"MIDDLE\"><b>SRA. CLAUDIA VANESA JIM\u00c9NEZ<\/b><\/td>\n<\/tr>\n<\/tbody>\n<\/table>\n<\/div>\n","protected":false},"excerpt":{"rendered":"<p>AUTORIDADES DE LA DIRECCI\u00d3N GENERAL DE RENTAS DIRECCI\u00d3N GENERAL DIRECTOR GENERAL DE RENTAS C.P.N. MATIAS LUIS NAZER SUBDIRECCIONES SUBDIRECCI\u00d3N DE ASUNTOS T\u00c9CNICOS C.P.N. RITA LORENA LEGUIZAM\u00d3N SUBDIRECCI\u00d3N DE ASUNTOS JUR\u00cdDICOS DRA. ADRIANA ESTER D. PIRRO SUBDIRECCI\u00d3N DE FISCALIZACI\u00d3N C.P.N. ELDA GABRIELA PAZ SUBDIRECCI\u00d3N DE RECAUDACIONES C.P.N. RITA LORENA LEGUIZAM\u00d3N SUBDIRECCI\u00d3N<\/p>\n","protected":false},"author":1,"featured_media":0,"parent":0,"menu_order":0,"comment_status":"closed","ping_status":"closed","template":"","meta":{"footnotes":""},"_links":{"self":[{"href":"http:\/\/www.dgrsantiago.gov.ar\/index.php?rest_route=\/wp\/v2\/pages\/880"}],"collection":[{"href":"http:\/\/www.dgrsantiago.gov.ar\/index.php?rest_route=\/wp\/v2\/pages"}],"about":[{"href":"http:\/\/www.dgrsantiago.gov.ar\/index.php?rest_route=\/wp\/v2\/types\/page"}],"author":[{"embeddable":true,"href":"http:\/\/www.dgrsantiago.gov.ar\/index.php?rest_route=\/wp\/v2\/users\/1"}],"replies":[{"embeddable":true,"href":"http:\/\/www.dgrsantiago.gov.ar\/index.php?rest_route=%2Fwp%2Fv2%2Fcomments&post=880"}],"version-history":[{"count":34,"href":"http:\/\/www.dgrsantiago.gov.ar\/index.php?rest_route=\/wp\/v2\/pages\/880\/revisions"}],"predecessor-version":[{"id":13435,"href":"http:\/\/www.dgrsantiago.gov.ar\/index.php?rest_route=\/wp\/v2\/pages\/880\/revisions\/13435"}],"wp:attachment":[{"href":"http:\/\/www.dgrsantiago.gov.ar\/index.php?rest_route=%2Fwp%2Fv2%2Fmedia&parent=880"}],"curies":[{"name":"wp","href":"https:\/\/api.w.org\/{rel}","templated":true}]}}