{"id":8340,"date":"2020-12-23T23:12:09","date_gmt":"2020-12-23T23:12:09","guid":{"rendered":"http:\/\/www.dgrsantiago.gob.ar\/?post_type=ufaq&#038;p=8340"},"modified":"2020-12-23T23:12:09","modified_gmt":"2020-12-23T23:12:09","slug":"quienes-se-encuentran-excluidos-del-regimen","status":"publish","type":"ufaq","link":"http:\/\/www.dgrsantiago.gov.ar\/?ufaq=quienes-se-encuentran-excluidos-del-regimen","title":{"rendered":"\u00bfQUI\u00c9NES SE ENCUENTRAN EXCLUIDOS DEL R\u00c9GIMEN?"},"content":{"rendered":"<style>.ewd-ufaq-post-margin-symbol span {\nmargin-top:15px;\n}\n\n.ufaq-faq-title-text {\nfloat:left;\nwidth:90%;\nbackground-color:#9aca3c;\ncolor:white;\npadding:17px;\nmargin-bottom:17px!important;\n}<\/style><div  class=\"ewd-ufaq-faq-list ewd-ufaq-page-type-load_more\" id='ewd-ufaq-faq-list'>\n\n\t<input type='hidden' name='include_category' value='' id='ewd-ufaq-include-category' \/>\n<input type='hidden' name='exclude_category' value='' id='ewd-ufaq-exclude-category' \/>\n<input type='hidden' name='orderby' value='date' id='ewd-ufaq-orderby' \/>\n<input type='hidden' name='order' value='desc' id='ewd-ufaq-order' \/>\n<input type='hidden' name='post_count' value='-1' id='ewd-ufaq-post-count' \/>\n<input type='hidden' name='current_url' value='\/index.php?rest_route=%2Fwp%2Fv2%2Fufaq%2F8340' id='ewd-ufaq-current-url' \/>\n\t\n\t\n\t<div class='ewd-ufaq-faqs'>\n\n\t\t<div  class=\"ewd-ufaq-faq-div ewd-ufaq-faq-column-count-one ewd-ufaq-faq-responsive-columns- ewd-ufaq-faq-display-style-default ewd-ufaq-can-be-toggled\" id='ewd-ufaq-post-8340-U0KLWHlENr' data-post_id='8340'>\n\n\t<div class='ewd-ufaq-faq-title ewd-ufaq-faq-toggle'>\n\t\n\t<a class='ewd-ufaq-post-margin'  href='http:\/\/www.dgrsantiago.gov.ar\/?ufaq=quienes-se-encuentran-excluidos-del-regimen'>\n\n\t\t<div class='ewd-ufaq-post-margin-symbol ewd-ufaq-square'>\n\t\t\t<span >A<\/span>\n\t\t<\/div>\n\n\t\t<div class='ewd-ufaq-faq-title-text'>\n\n\t\t\t<h4>\n\t\t\t\t\u00bfQUI\u00c9NES SE ENCUENTRAN EXCLUIDOS DEL R\u00c9GIMEN?\t\t\t<\/h4>\n\n\t\t<\/div>\n\n\t\t<div class='ewd-ufaq-clear'><\/div>\n\n\t<\/a>\n\t\n<\/div>\n\t\n\t<div class='ewd-ufaq-faq-body ' >\n\n\t\t\n\t\t\t\n\t\t\n\t\t\t<div class='ewd-ufaq-post-margin ewd-ufaq-faq-post'>\n\t<p>Quedan excluidos del presente r\u00e9gimen los siguientes contribuyentes y responsables:<br \/>\n             a) Que a la fecha de acogimiento en el presente r\u00e9gimen hayan sido declarados en Estado de Quiebra conforme a la Ley N\u00b0 24.522 y sus modificatorias;<br \/>\n             b) Que a la fecha de acogimiento en el presente r\u00e9gimen hayan sido denunciados formalmente o querellados penalmente por delitos comunes que tengan conexi\u00f3n con el incumplimiento de sus obligaciones tributarias o de terceros. Al momento del acogimiento el contribuyente o responsable presentar\u00e1 declaraci\u00f3n jurada sobre la inexistencia de ninguna de las causales se\u00f1aladas;<br \/>\n               c) A quienes se les haya aplicado le multa prevista en el Art. 111\u00b0 del C\u00f3digo Fiscal.<br \/>\n               d) Los agentes de Retenci\u00f3n, Percepci\u00f3n y\/o Recaudaci\u00f3n, por lo importes retenidos, percibidos o recaudados y no ingresados.<br \/>\n      Incluyese en esta previsi\u00f3n el uno (1%) por ciento de FORESO, retenido al empleado y no depositado por el empleador.<br \/>\n      En caso de verificarse algunas de las causales previstas en el presente art\u00edculo, producir\u00e1 la caducidad inmediata y de pleno derecho del r\u00e9gimen y la interposici\u00f3n de la denuncia penal correspondiente. <\/p>\n<\/div>\n\t\t\n\t\t\t<div class='ewd-ufaq-faq-custom-fields'>\n\n\t\n<\/div>\n\t\t\n\t\t\t\n\t\t\n\t\t\t\n\t\t\n\t\t\t\n\t\t\n\t\t\t\n\t\t\n\t\t\t\n\t\t\n\t\t\t\n\t\t\n\t\t\t\n\t\t\n\t<\/div>\n\n<\/div>\n\t<\/div>\n\n\t\n<\/div>","protected":false},"excerpt":{"rendered":"<p>A \u00bfQUI\u00c9NES SE ENCUENTRAN EXCLUIDOS DEL R\u00c9GIMEN? Quedan excluidos del presente r\u00e9gimen los siguientes contribuyentes y responsables: a) Que a la fecha de acogimiento en el presente r\u00e9gimen hayan sido declarados en Estado de Quiebra conforme a la Ley N\u00b0 24.522 y sus modificatorias; b) Que a la fecha de<\/p>\n","protected":false},"author":1,"comment_status":"closed","ping_status":"closed","template":"","ufaq-category":[45],"ufaq-tag":[],"_links":{"self":[{"href":"http:\/\/www.dgrsantiago.gov.ar\/index.php?rest_route=\/wp\/v2\/ufaq\/8340"}],"collection":[{"href":"http:\/\/www.dgrsantiago.gov.ar\/index.php?rest_route=\/wp\/v2\/ufaq"}],"about":[{"href":"http:\/\/www.dgrsantiago.gov.ar\/index.php?rest_route=\/wp\/v2\/types\/ufaq"}],"author":[{"embeddable":true,"href":"http:\/\/www.dgrsantiago.gov.ar\/index.php?rest_route=\/wp\/v2\/users\/1"}],"replies":[{"embeddable":true,"href":"http:\/\/www.dgrsantiago.gov.ar\/index.php?rest_route=%2Fwp%2Fv2%2Fcomments&post=8340"}],"wp:attachment":[{"href":"http:\/\/www.dgrsantiago.gov.ar\/index.php?rest_route=%2Fwp%2Fv2%2Fmedia&parent=8340"}],"wp:term":[{"taxonomy":"ufaq-category","embeddable":true,"href":"http:\/\/www.dgrsantiago.gov.ar\/index.php?rest_route=%2Fwp%2Fv2%2Fufaq-category&post=8340"},{"taxonomy":"ufaq-tag","embeddable":true,"href":"http:\/\/www.dgrsantiago.gov.ar\/index.php?rest_route=%2Fwp%2Fv2%2Fufaq-tag&post=8340"}],"curies":[{"name":"wp","href":"https:\/\/api.w.org\/{rel}","templated":true}]}}